{"id":499,"date":"2020-09-26T09:27:32","date_gmt":"2020-09-26T09:27:32","guid":{"rendered":"https:\/\/tahecosmetics.com\/jobs\/?page_id=499"},"modified":"2024-03-06T09:15:08","modified_gmt":"2024-03-06T09:15:08","slug":"equipos","status":"publish","type":"page","link":"https:\/\/tahecosmetics.com\/jobs\/equipos\/","title":{"rendered":"Equipos"},"content":{"rendered":"\n[et_pb_section fb_built=\u00bb1&#8243; _builder_version=\u00bb4.16&#8243; _module_preset=\u00bbdefault\u00bb background_image=\u00bbhttps:\/\/tahecosmetics.com\/jobs\/wp-content\/uploads\/2020\/09\/bg_equipo.jpg\u00bb custom_padding=\u00bb5%||5%||false|false\u00bb da_disable_devices=\u00bboff|off|off\u00bb global_colors_info=\u00bb{}\u00bb da_is_popup=\u00bboff\u00bb da_exit_intent=\u00bboff\u00bb da_has_close=\u00bbon\u00bb da_alt_close=\u00bboff\u00bb da_dark_close=\u00bboff\u00bb da_not_modal=\u00bbon\u00bb da_is_singular=\u00bboff\u00bb da_with_loader=\u00bboff\u00bb da_has_shadow=\u00bbon\u00bb][et_pb_row _builder_version=\u00bb4.16&#8243; _module_preset=\u00bbdefault\u00bb global_colors_info=\u00bb{}\u00bb][et_pb_column type=\u00bb4_4&#8243; _builder_version=\u00bb4.16&#8243; _module_preset=\u00bbdefault\u00bb global_colors_info=\u00bb{}\u00bb][\/et_pb_column][\/et_pb_row][\/et_pb_section][et_pb_section fb_built=\u00bb1&#8243; _builder_version=\u00bb4.16&#8243; _module_preset=\u00bbdefault\u00bb da_disable_devices=\u00bboff|off|off\u00bb global_colors_info=\u00bb{}\u00bb da_is_popup=\u00bboff\u00bb da_exit_intent=\u00bboff\u00bb da_has_close=\u00bbon\u00bb da_alt_close=\u00bboff\u00bb da_dark_close=\u00bboff\u00bb da_not_modal=\u00bbon\u00bb da_is_singular=\u00bboff\u00bb da_with_loader=\u00bboff\u00bb da_has_shadow=\u00bbon\u00bb][et_pb_row _builder_version=\u00bb4.16&#8243; _module_preset=\u00bbdefault\u00bb global_colors_info=\u00bb{}\u00bb][et_pb_column type=\u00bb4_4&#8243; _builder_version=\u00bb4.16&#8243; _module_preset=\u00bbdefault\u00bb global_colors_info=\u00bb{}\u00bb][et_pb_text _builder_version=\u00bb4.16&#8243; _module_preset=\u00bbdefault\u00bb header_font=\u00bb|||on|||||\u00bb header_text_align=\u00bbcenter\u00bb header_font_size=\u00bb40px\u00bb header_2_font=\u00bb|||on|||||\u00bb header_2_text_align=\u00bbcenter\u00bb header_2_font_size=\u00bb40px\u00bb global_colors_info=\u00bb{}\u00bb]<h1>Nuestros Equipos<\/h1>[\/et_pb_text][et_pb_text _builder_version=\u00bb4.16&#8243; _module_preset=\u00bbdefault\u00bb text_orientation=\u00bbcenter\u00bb global_colors_info=\u00bb{}\u00bb]Trabajamos duro en el presente para conquistar el futuro. Nuestro objetivo es ser l\u00edderes de la cosm\u00e9tica profesional. \nNuestro orgullo, el esfuerzo colectivo por hacer de este mundo un lugar m\u00e1s bello para los sentidos.[\/et_pb_text][\/et_pb_column][\/et_pb_row][\/et_pb_section][et_pb_section fb_built=\u00bb1&#8243; module_class=\u00bbequipo_columnas\u00bb _builder_version=\u00bb4.16&#8243; _module_preset=\u00bbdefault\u00bb max_width_tablet=\u00bb\u00bb max_width_phone=\u00bb\u00bb max_width_last_edited=\u00bbon|desktop\u00bb custom_margin=\u00bb0px|0px|0px|0px|false|false\u00bb custom_padding=\u00bb0px|0px|0px|0px|false|false\u00bb da_disable_devices=\u00bboff|off|off\u00bb global_colors_info=\u00bb{}\u00bb da_is_popup=\u00bboff\u00bb da_exit_intent=\u00bboff\u00bb da_has_close=\u00bbon\u00bb da_alt_close=\u00bboff\u00bb da_dark_close=\u00bboff\u00bb da_not_modal=\u00bbon\u00bb da_is_singular=\u00bboff\u00bb da_with_loader=\u00bboff\u00bb da_has_shadow=\u00bbon\u00bb][et_pb_row column_structure=\u00bb1_2,1_2&#8243; use_custom_gutter=\u00bbon\u00bb gutter_width=\u00bb1&#8243; make_equal=\u00bbon\u00bb _builder_version=\u00bb4.16&#8243; _module_preset=\u00bbdefault\u00bb width=\u00bb100%\u00bb max_width=\u00bb100%\u00bb min_height=\u00bb470px\u00bb custom_margin=\u00bb||||false|false\u00bb custom_padding=\u00bb0px||0px||false|false\u00bb global_colors_info=\u00bb{}\u00bb][et_pb_column type=\u00bb1_2&#8243; module_class=\u00bbcol_noempty\u00bb _builder_version=\u00bb4.16&#8243; _module_preset=\u00bbdefault\u00bb background_image=\u00bbhttps:\/\/tahecosmetics.com\/jobs\/wp-content\/uploads\/2020\/10\/gr_administracion.jpg\u00bb background_position=\u00bbtop_center\u00bb custom_padding=\u00bb|0px||0px|false|false\u00bb animation_style=\u00bbslide\u00bb animation_direction=\u00bbleft\u00bb background_last_edited=\u00bboff|desktop\u00bb global_colors_info=\u00bb{}\u00bb][\/et_pb_column][et_pb_column type=\u00bb1_2&#8243; module_class=\u00bbds-vertical-align\u00bb _builder_version=\u00bb4.16&#8243; _module_preset=\u00bbdefault\u00bb background_color=\u00bb#8a2432&#8243; custom_padding=\u00bb80px|8%|80px|50px|false|false\u00bb global_colors_info=\u00bb{}\u00bb][et_pb_text _builder_version=\u00bb4.16&#8243; _module_preset=\u00bbdefault\u00bb text_text_color=\u00bb#ffffff\u00bb header_2_text_color=\u00bb#111&#8243; custom_padding=\u00bb||10px||false|false\u00bb global_colors_info=\u00bb{}\u00bb]<h3><span style=\"color: #ffffff;\"><strong>ADMINISTRACI\u00d3N DE VENTAS, COMPRAS Y CONTABILIDAD<\/strong><br \/><\/span><\/h3>[\/et_pb_text][et_pb_text _builder_version=\u00bb4.16&#8243; _module_preset=\u00bbdefault\u00bb text_text_color=\u00bb#ffffff\u00bb header_2_text_color=\u00bb#111&#8243; global_colors_info=\u00bb{}\u00bb]<p>Los departamentos de <strong>Administraci\u00f3n, Compras y Contabilidad<\/strong> se encargan respectivamente de la <strong>gesti\u00f3n econ\u00f3mica<\/strong>, de llevar a cabo una correcta <strong>administraci\u00f3n del patrimonio de la empresa<\/strong>, de garantizar el suministro de las materias primas, materiales y repuestos necesarios para la elaboraci\u00f3n de nuestros productos, asegurando el adecuado funcionamiento de todas las \u00e1reas, y de la<strong> gesti\u00f3n de los pedidos.<\/strong><\/p>[\/et_pb_text][\/et_pb_column][\/et_pb_row][et_pb_row column_structure=\u00bb1_2,1_2&#8243; use_custom_gutter=\u00bbon\u00bb gutter_width=\u00bb1&#8243; make_equal=\u00bbon\u00bb _builder_version=\u00bb4.16&#8243; _module_preset=\u00bbdefault\u00bb width=\u00bb100%\u00bb max_width=\u00bb100%\u00bb min_height=\u00bb470px\u00bb custom_margin=\u00bb||||false|false\u00bb custom_padding=\u00bb0px||0px||false|false\u00bb global_colors_info=\u00bb{}\u00bb][et_pb_column type=\u00bb1_2&#8243; module_class=\u00bbds-vertical-align\u00bb _builder_version=\u00bb4.16&#8243; _module_preset=\u00bbdefault\u00bb background_color=\u00bb#111&#8243; custom_padding=\u00bb80px|50px|80px|8%|false|false\u00bb global_colors_info=\u00bb{}\u00bb][et_pb_text _builder_version=\u00bb4.16&#8243; _module_preset=\u00bbdefault\u00bb text_font=\u00bb||on||||||\u00bb header_2_text_color=\u00bb#8a2432&#8243; header_3_font=\u00bb|||on|||||\u00bb header_3_text_color=\u00bb#8a2432&#8243; custom_padding=\u00bb||10px||false|false\u00bb global_colors_info=\u00bb{}\u00bb]<h3><span style=\"color: #ffffff;\">INFORM\u00c1TICA<\/span><\/h3>[\/et_pb_text][et_pb_text _builder_version=\u00bb4.16&#8243; _module_preset=\u00bbdefault\u00bb text_text_color=\u00bb#ffffff\u00bb header_2_text_color=\u00bb#111&#8243; global_colors_info=\u00bb{}\u00bb]<p class=\"p1\">El departamento de IT se encarga de desarrollar software a medida para satisfacer nuestras necesidades espec\u00edficas, incluyendo la creaci\u00f3n de nuevas soluciones, la evoluci\u00f3n y el mantenimiento de las existentes, as\u00ed como la administraci\u00f3n y supervisi\u00f3n del adecuado funcionamiento de nuestros sistemas. Esto abarca la gesti\u00f3n de actualizaciones de versiones y la realizaci\u00f3n de copias de seguridad.<\/p>[\/et_pb_text][\/et_pb_column][et_pb_column type=\u00bb1_2&#8243; module_class=\u00bbcol_noempty\u00bb _builder_version=\u00bb4.16&#8243; _module_preset=\u00bbdefault\u00bb background_image=\u00bbhttps:\/\/tahecosmetics.com\/jobs\/wp-content\/uploads\/2020\/10\/gr_informatica.jpg\u00bb custom_padding=\u00bb|0px||0px|false|false\u00bb animation_style=\u00bbslide\u00bb animation_direction=\u00bbright\u00bb global_colors_info=\u00bb{}\u00bb][\/et_pb_column][\/et_pb_row][et_pb_row column_structure=\u00bb1_2,1_2&#8243; use_custom_gutter=\u00bbon\u00bb gutter_width=\u00bb1&#8243; make_equal=\u00bbon\u00bb _builder_version=\u00bb4.16&#8243; _module_preset=\u00bbdefault\u00bb width=\u00bb100%\u00bb max_width=\u00bb100%\u00bb min_height=\u00bb470px\u00bb custom_margin=\u00bb||||false|false\u00bb custom_padding=\u00bb0px||0px||false|false\u00bb global_colors_info=\u00bb{}\u00bb][et_pb_column type=\u00bb1_2&#8243; module_class=\u00bbcol_noempty\u00bb _builder_version=\u00bb4.16&#8243; _module_preset=\u00bbdefault\u00bb background_image=\u00bbhttps:\/\/tahecosmetics.com\/jobs\/wp-content\/uploads\/2020\/10\/gr_investigacion.jpg\u00bb background_position=\u00bbtop_center\u00bb custom_padding=\u00bb5%|0px|5%|0px|false|false\u00bb animation_style=\u00bbslide\u00bb animation_direction=\u00bbleft\u00bb global_colors_info=\u00bb{}\u00bb][\/et_pb_column][et_pb_column type=\u00bb1_2&#8243; module_class=\u00bbds-vertical-align\u00bb _builder_version=\u00bb4.16&#8243; _module_preset=\u00bbdefault\u00bb background_color=\u00bb#e6e2e7&#8243; custom_padding=\u00bb80px|8%|80px|50px|false|false\u00bb global_colors_info=\u00bb{}\u00bb][et_pb_text _builder_version=\u00bb4.16&#8243; _module_preset=\u00bbdefault\u00bb header_2_text_color=\u00bb#111&#8243; header_3_text_color=\u00bb#8a2432&#8243; custom_padding=\u00bb||10px||false|false\u00bb global_colors_info=\u00bb{}\u00bb]<h3>I + D + I<\/h3>[\/et_pb_text][et_pb_text _builder_version=\u00bb4.16&#8243; _module_preset=\u00bbdefault\u00bb text_text_color=\u00bb#111&#8243; header_2_text_color=\u00bb#111&#8243; global_colors_info=\u00bb{}\u00bb]<p>Nuestro departamento de <strong>Calidad e I+D+i<\/strong> est\u00e1 formado por un excelente equipo de investigaci\u00f3n que da soluciones a un sector profesional cada vez m\u00e1s exigente.<\/p>\n<p>Tienen como responsabilidad <strong>desarrollar f\u00f3rmulas innovadoras<\/strong> para ofrecer a nuestros clientes una cosm\u00e9tica m\u00e1s eficiente y actualizada que cuide tanto su piel, como su cabello y su salud.<\/p>[\/et_pb_text][\/et_pb_column][\/et_pb_row][et_pb_row column_structure=\u00bb1_2,1_2&#8243; use_custom_gutter=\u00bbon\u00bb gutter_width=\u00bb1&#8243; make_equal=\u00bbon\u00bb _builder_version=\u00bb4.21.0&#8243; _module_preset=\u00bbdefault\u00bb width=\u00bb100%\u00bb max_width=\u00bb100%\u00bb min_height=\u00bb470px\u00bb custom_margin=\u00bb||||false|false\u00bb custom_padding=\u00bb0px||0px||false|false\u00bb global_colors_info=\u00bb{}\u00bb][et_pb_column type=\u00bb1_2&#8243; module_class=\u00bbds-vertical-align\u00bb _builder_version=\u00bb4.21.0&#8243; _module_preset=\u00bbdefault\u00bb background_color=\u00bb#e6e2e7&#8243; custom_padding=\u00bb80px|8%|80px|50px|false|false\u00bb global_colors_info=\u00bb{}\u00bb][et_pb_text _builder_version=\u00bb4.16&#8243; _module_preset=\u00bbdefault\u00bb header_2_text_color=\u00bb#111&#8243; header_3_text_color=\u00bb#8a2432&#8243; custom_padding=\u00bb||10px||false|false\u00bb global_colors_info=\u00bb{}\u00bb]<h3><strong>CALIDAD Y MEDIO AMBIENTE <\/strong><\/h3>[\/et_pb_text][et_pb_text _builder_version=\u00bb4.16&#8243; _module_preset=\u00bbdefault\u00bb text_text_color=\u00bb#111&#8243; header_2_text_color=\u00bb#111&#8243; global_colors_info=\u00bb{}\u00bb]<p>El principal objetivo del departamento de Calidad y Medio Ambiente es asegurar la m\u00e1xima calidad en nuestros productos y servicios, minimizando al mismo tiempo el impacto ambiental y manteniendo los m\u00e1s altos est\u00e1ndares de seguridad. Todo ello, operando siempre bajo el estricto cumplimiento de la legislaci\u00f3n vigente.<\/p>[\/et_pb_text][\/et_pb_column][et_pb_column type=\u00bb1_2&#8243; module_class=\u00bbcol_noempty\u00bb _builder_version=\u00bb4.21.0&#8243; _module_preset=\u00bbdefault\u00bb background_image=\u00bbhttps:\/\/tahecosmetics.com\/jobs\/wp-content\/uploads\/2024\/01\/dfecac64-bf5a-4c60-b540-9da1e7394c1c.jpg\u00bb background_position=\u00bbtop_center\u00bb background_vertical_offset=\u00bb34%\u00bb custom_padding=\u00bb5%|0px|5%|0px|false|false\u00bb animation_style=\u00bbslide\u00bb animation_direction=\u00bbleft\u00bb global_colors_info=\u00bb{}\u00bb][\/et_pb_column][\/et_pb_row][et_pb_row column_structure=\u00bb1_2,1_2&#8243; use_custom_gutter=\u00bbon\u00bb gutter_width=\u00bb1&#8243; make_equal=\u00bbon\u00bb _builder_version=\u00bb4.21.0&#8243; _module_preset=\u00bbdefault\u00bb width=\u00bb100%\u00bb max_width=\u00bb100%\u00bb min_height=\u00bb470px\u00bb custom_margin=\u00bb||||false|false\u00bb custom_padding=\u00bb0px||0px||false|false\u00bb global_colors_info=\u00bb{}\u00bb][et_pb_column type=\u00bb1_2&#8243; module_class=\u00bbcol_noempty\u00bb _builder_version=\u00bb4.16&#8243; _module_preset=\u00bbdefault\u00bb background_image=\u00bbhttps:\/\/tahecosmetics.com\/jobs\/wp-content\/uploads\/2020\/09\/gr_ingenieria.jpg\u00bb custom_padding=\u00bb|0px||0px|false|false\u00bb animation_style=\u00bbslide\u00bb animation_direction=\u00bbright\u00bb background_last_edited=\u00bboff|desktop\u00bb global_colors_info=\u00bb{}\u00bb][\/et_pb_column][et_pb_column type=\u00bb1_2&#8243; module_class=\u00bbds-vertical-align\u00bb _builder_version=\u00bb4.16&#8243; _module_preset=\u00bbdefault\u00bb background_color=\u00bb#8a2432&#8243; custom_padding=\u00bb80px|50px|80px|8%|false|false\u00bb global_colors_info=\u00bb{}\u00bb][et_pb_text _builder_version=\u00bb4.16&#8243; _module_preset=\u00bbdefault\u00bb header_2_text_color=\u00bb#111&#8243; header_3_font=\u00bb|||on|||||\u00bb custom_padding=\u00bb||10px||false|false\u00bb global_colors_info=\u00bb{}\u00bb]<h3><span style=\"color: #ffffff;\">INGENIER\u00cdA Y MEJORA DE PROCESOS<\/span><\/h3>[\/et_pb_text][et_pb_text _builder_version=\u00bb4.16&#8243; _module_preset=\u00bbdefault\u00bb text_text_color=\u00bb#ffffff\u00bb header_2_text_color=\u00bb#111&#8243; global_colors_info=\u00bb{}\u00bb]<p>En Tahe tenemos un equipo de <strong>Ingenier\u00eda y Mantenimiento<\/strong> para que nuestras instalaciones est\u00e9n perfectas cada d\u00eda (carpinter\u00eda, electricidad, plomer\u00eda, pintura, \u2026 etc.). Nuestra maquinaria adem\u00e1s lleva un <strong>control espec\u00edfico de mejora<\/strong> para que d\u00eda a d\u00eda la producci\u00f3n salga adelante.<\/p>[\/et_pb_text][\/et_pb_column][\/et_pb_row][et_pb_row column_structure=\u00bb1_2,1_2&#8243; use_custom_gutter=\u00bbon\u00bb gutter_width=\u00bb1&#8243; make_equal=\u00bbon\u00bb _builder_version=\u00bb4.21.0&#8243; _module_preset=\u00bbdefault\u00bb width=\u00bb100%\u00bb max_width=\u00bb100%\u00bb min_height=\u00bb470px\u00bb custom_margin=\u00bb||||false|false\u00bb custom_padding=\u00bb0px||0px||false|false\u00bb global_colors_info=\u00bb{}\u00bb][et_pb_column type=\u00bb1_2&#8243; _builder_version=\u00bb4.16&#8243; _module_preset=\u00bbdefault\u00bb background_color=\u00bb#111&#8243; custom_padding=\u00bb70px|8%|80px|50px|false|false\u00bb global_colors_info=\u00bb{}\u00bb][et_pb_text _builder_version=\u00bb4.16&#8243; _module_preset=\u00bbdefault\u00bb header_2_text_color=\u00bb#8a2432&#8243; header_3_font=\u00bb|||on|||||\u00bb header_3_text_color=\u00bb#8a2432&#8243; custom_padding=\u00bb||10px||false|false\u00bb global_colors_info=\u00bb{}\u00bb]<h3><span style=\"color: #ffffff;\">MARKETING Y COMUNICACI\u00d3N<\/span><\/h3>[\/et_pb_text][et_pb_text _builder_version=\u00bb4.16&#8243; _module_preset=\u00bbdefault\u00bb text_text_color=\u00bb#ffffff\u00bb header_2_text_color=\u00bb#111&#8243; global_colors_info=\u00bb{}\u00bb]<p>Formado por profesionales del <strong>Marketing y Social Media<\/strong>, dise\u00f1an el contenido e imagen de todas las l\u00edneas de nuestros productos, as\u00ed como el <strong>material promocional y audiovisual<\/strong> necesario para cada campa\u00f1a y evento corporativo.<\/p>\n<p>Desde este departamento se dirige el <strong>marketing on y off line<\/strong>, creando siempre la imagen m\u00e1s atractiva y unificada de esta compa\u00f1\u00eda.<\/p>\n<p>Colaboramos con modelos profesionales y amateur, si quieres aparecer en nuestros productos inscr\u00edbete en este portal dej\u00e1ndonos fotos recientes de tu cabello, cara y cuerpo, y contactaremos contigo.<\/p>[\/et_pb_text][\/et_pb_column][et_pb_column type=\u00bb1_2&#8243; module_class=\u00bbcol_noempty\u00bb _builder_version=\u00bb4.16&#8243; _module_preset=\u00bbdefault\u00bb background_image=\u00bbhttps:\/\/tahecosmetics.com\/jobs\/wp-content\/uploads\/2020\/09\/gr_publicidad.jpg\u00bb background_position=\u00bbtop_center\u00bb custom_padding=\u00bb|0px||0px|false|false\u00bb animation_style=\u00bbslide\u00bb animation_direction=\u00bbleft\u00bb global_colors_info=\u00bb{}\u00bb][\/et_pb_column][\/et_pb_row][et_pb_row column_structure=\u00bb1_2,1_2&#8243; use_custom_gutter=\u00bbon\u00bb gutter_width=\u00bb1&#8243; make_equal=\u00bbon\u00bb _builder_version=\u00bb4.21.0&#8243; _module_preset=\u00bbdefault\u00bb width=\u00bb100%\u00bb max_width=\u00bb100%\u00bb min_height=\u00bb470px\u00bb custom_margin=\u00bb||||false|false\u00bb custom_padding=\u00bb0px||0px||false|false\u00bb global_colors_info=\u00bb{}\u00bb][et_pb_column type=\u00bb1_2&#8243; module_class=\u00bbcol_noempty\u00bb _builder_version=\u00bb4.16&#8243; _module_preset=\u00bbdefault\u00bb background_image=\u00bbhttps:\/\/tahecosmetics.com\/jobs\/wp-content\/uploads\/2020\/09\/gr_produccion.jpg\u00bb custom_padding=\u00bb5%|0px|5%|0px|false|false\u00bb animation_style=\u00bbslide\u00bb animation_direction=\u00bbright\u00bb global_colors_info=\u00bb{}\u00bb][\/et_pb_column][et_pb_column type=\u00bb1_2&#8243; module_class=\u00bbds-vertical-align\u00bb _builder_version=\u00bb4.16&#8243; _module_preset=\u00bbdefault\u00bb background_color=\u00bb#e6e2e7&#8243; custom_padding=\u00bb80px|50px|80px|8%|false|false\u00bb global_colors_info=\u00bb{}\u00bb][et_pb_text _builder_version=\u00bb4.16&#8243; _module_preset=\u00bbdefault\u00bb header_2_text_color=\u00bb#111&#8243; header_3_text_color=\u00bb#8a2432&#8243; header_3_line_height=\u00bb1.4em\u00bb custom_padding=\u00bb||10px||false|false\u00bb global_colors_info=\u00bb{}\u00bb]<h3>PRODUCCI\u00d3N, ENVASADO, FABRICACI\u00d3N Y ALMAC\u00c9N<\/h3>[\/et_pb_text][et_pb_text _builder_version=\u00bb4.16&#8243; _module_preset=\u00bbdefault\u00bb text_text_color=\u00bb#111&#8243; header_2_text_color=\u00bb#111&#8243; global_colors_info=\u00bb{}\u00bb]<p>En <strong>envasado y fabricaci\u00f3n<\/strong> nuestro equipo es muy activo, se requieren personas muy organizadas para que todo funcione correctamente, elaborando as\u00ed todos los productos <strong>de manera eficaz y de manera eficiente.<\/strong><\/p>\n<p>Se colabora muy estrechamente con el departamento de calidad para garantizar el cumplimiento de las normativas, por lo que se requiere orden, limpieza y preocupaci\u00f3n por el detalle.<\/p>[\/et_pb_text][\/et_pb_column][\/et_pb_row][et_pb_row column_structure=\u00bb1_2,1_2&#8243; use_custom_gutter=\u00bbon\u00bb gutter_width=\u00bb1&#8243; make_equal=\u00bbon\u00bb _builder_version=\u00bb4.21.0&#8243; _module_preset=\u00bbdefault\u00bb background_position=\u00bbtop_center\u00bb width=\u00bb100%\u00bb max_width=\u00bb100%\u00bb min_height=\u00bb470px\u00bb custom_margin=\u00bb||||false|false\u00bb custom_padding=\u00bb0px||0px||false|false\u00bb hover_enabled=\u00bb0&#8243; global_colors_info=\u00bb{}\u00bb sticky_enabled=\u00bb0&#8243;][et_pb_column type=\u00bb1_2&#8243; module_class=\u00bbds-vertical-align\u00bb _builder_version=\u00bb4.16&#8243; _module_preset=\u00bbdefault\u00bb background_color=\u00bb#8a2432&#8243; custom_padding=\u00bb80px|8%|80px|50px|false|false\u00bb global_colors_info=\u00bb{}\u00bb][et_pb_text _builder_version=\u00bb4.16&#8243; _module_preset=\u00bbdefault\u00bb header_2_text_color=\u00bb#111&#8243; header_3_font=\u00bb|||on|||||\u00bb custom_padding=\u00bb||10px||false|false\u00bb global_colors_info=\u00bb{}\u00bb]<h3><span style=\"color: #ffffff;\">PERSONAS Y VALORES<\/span><\/h3>[\/et_pb_text][et_pb_text _builder_version=\u00bb4.16&#8243; _module_preset=\u00bbdefault\u00bb text_text_color=\u00bb#ffffff\u00bb header_2_text_color=\u00bb#111&#8243; global_colors_info=\u00bb{}\u00bb]<p>En Tahe creemos firmemente en el compromiso y en el trabajo colectivo. La suma de todo el equipo nos hace m\u00e1s grandes.<\/p>\n<p>Conscientes de que hemos llegado hasta aqu\u00ed gracias a todas las personas que forman parte de la compa\u00f1\u00eda y comparten nuestra filosof\u00eda de trabajo, desde el departamento de <strong>Recursos Humanos<\/strong> damos un trato preferente, preocup\u00e1ndonos, <strong>cuidando y atendiendo a nuestro equipo<\/strong>, implantando pol\u00edticas de <strong>conciliaci\u00f3n familiar, igualdad y flexibilidad laboral<\/strong>, con el objetivo de generar empleo de calidad.<\/p>[\/et_pb_text][\/et_pb_column][et_pb_column type=\u00bb1_2&#8243; module_class=\u00bbcol_noempty\u00bb _builder_version=\u00bb4.21.0&#8243; _module_preset=\u00bbdefault\u00bb background_image=\u00bbhttps:\/\/tahecosmetics.com\/jobs\/wp-content\/uploads\/2021\/08\/tahe-rrhh.jpg\u00bb custom_padding=\u00bb|0px||0px|false|false\u00bb animation_style=\u00bbslide\u00bb animation_direction=\u00bbleft\u00bb hover_enabled=\u00bb0&#8243; background_last_edited=\u00bboff|desktop\u00bb global_colors_info=\u00bb{}\u00bb sticky_enabled=\u00bb0&#8243;][\/et_pb_column][\/et_pb_row][et_pb_row column_structure=\u00bb1_2,1_2&#8243; use_custom_gutter=\u00bbon\u00bb gutter_width=\u00bb1&#8243; make_equal=\u00bbon\u00bb _builder_version=\u00bb4.21.0&#8243; _module_preset=\u00bbdefault\u00bb width=\u00bb100%\u00bb max_width=\u00bb100%\u00bb min_height=\u00bb470px\u00bb custom_margin=\u00bb||||false|false\u00bb custom_padding=\u00bb0px||0px||false|false\u00bb global_colors_info=\u00bb{}\u00bb][et_pb_column type=\u00bb1_2&#8243; module_class=\u00bbcol_noempty\u00bb _builder_version=\u00bb4.16&#8243; _module_preset=\u00bbdefault\u00bb background_image=\u00bbhttps:\/\/tahecosmetics.com\/jobs\/wp-content\/uploads\/2020\/09\/gr_comercial.jpg\u00bb custom_padding=\u00bb|0px||0px|false|false\u00bb animation_style=\u00bbslide\u00bb animation_direction=\u00bbright\u00bb global_colors_info=\u00bb{}\u00bb][\/et_pb_column][et_pb_column type=\u00bb1_2&#8243; module_class=\u00bbds-vertical-align\u00bb _builder_version=\u00bb4.16&#8243; _module_preset=\u00bbdefault\u00bb background_color=\u00bb#111&#8243; custom_padding=\u00bb80px|50px|80px|8%|false|false\u00bb global_colors_info=\u00bb{}\u00bb][et_pb_text _builder_version=\u00bb4.16&#8243; _module_preset=\u00bbdefault\u00bb header_2_text_color=\u00bb#8a2432&#8243; header_3_font=\u00bb|||on|||||\u00bb header_3_text_color=\u00bb#8a2432&#8243; custom_padding=\u00bb||10px||false|false\u00bb global_colors_info=\u00bb{}\u00bb]<h3><span style=\"color: #ffffff;\">VENTAS Y TELEMARKETING<\/span><\/h3>[\/et_pb_text][et_pb_text _builder_version=\u00bb4.16&#8243; _module_preset=\u00bbdefault\u00bb text_text_color=\u00bb#ffffff\u00bb header_2_text_color=\u00bb#111&#8243; global_colors_info=\u00bb{}\u00bb]<p>Nuestro <strong>equipo comercial<\/strong> es uno de los pilares fundamentales, potenciando y situando a la organizaci\u00f3n como referente en el mercado. Valoramos la entrega, el compromiso, la capacidad de adaptaci\u00f3n, el <strong>esfuerzo y el trabajo en equipo<\/strong>, as\u00ed como la iniciativa de proponer mejoras, garantizando siempre los est\u00e1ndares de calidad establecidos.<\/p>[\/et_pb_text][\/et_pb_column][\/et_pb_row][\/et_pb_section][et_pb_section fb_built=\u00bb1&#8243; module_class=\u00bbcta\u00bb _builder_version=\u00bb4.16&#8243; _module_preset=\u00bbdefault\u00bb background_color=\u00bb#ffffff\u00bb background_image=\u00bbhttps:\/\/tahecosmetics.com\/jobs\/wp-content\/uploads\/2020\/10\/bg_cta3.jpg\u00bb background_position=\u00bbcenter_right\u00bb background_blend=\u00bbmultiply\u00bb da_disable_devices=\u00bboff|off|off\u00bb global_colors_info=\u00bb{}\u00bb background__hover_enabled=\u00bbon|desktop\u00bb da_is_popup=\u00bboff\u00bb da_exit_intent=\u00bboff\u00bb da_has_close=\u00bbon\u00bb da_alt_close=\u00bboff\u00bb da_dark_close=\u00bboff\u00bb da_not_modal=\u00bbon\u00bb da_is_singular=\u00bboff\u00bb da_with_loader=\u00bboff\u00bb da_has_shadow=\u00bbon\u00bb][et_pb_row column_structure=\u00bb3_5,2_5&#8243; _builder_version=\u00bb4.16&#8243; _module_preset=\u00bbdefault\u00bb custom_padding=\u00bb25px|25px|25px|25px|false|false\u00bb global_colors_info=\u00bb{}\u00bb][et_pb_column type=\u00bb3_5&#8243; _builder_version=\u00bb4.16&#8243; _module_preset=\u00bbdefault\u00bb custom_padding=\u00bb|0px|||false|false\u00bb custom_padding_tablet=\u00bb25px|25px|25px|25px|false|false\u00bb custom_padding_phone=\u00bb\u00bb custom_padding_last_edited=\u00bbon|tablet\u00bb background_color_tablet=\u00bbrgba(255,255,255,0.8)\u00bb background_last_edited=\u00bbon|tablet\u00bb background_enable_color_tablet=\u00bbon\u00bb global_colors_info=\u00bb{}\u00bb][et_pb_text module_class=\u00bbavoid_padding\u00bb _builder_version=\u00bb4.16&#8243; _module_preset=\u00bbdefault\u00bb header_2_text_color=\u00bb#111111&#8243; header_2_font_size=\u00bb36px\u00bb header_2_line_height=\u00bb1.3em\u00bb custom_padding=\u00bb||||false|false\u00bb global_colors_info=\u00bb{}\u00bb]<h2>La igualdad de oportunidades trae diversidad y la diversidad nos enriquece.<\/h2>[\/et_pb_text][et_pb_text _builder_version=\u00bb4.16&#8243; _module_preset=\u00bbdefault\u00bb global_colors_info=\u00bb{}\u00bb]<p>Aqu\u00ed podr\u00e1s proponer y crecer aprendiendo <br \/>en un equipo multicultural y diverso.<\/p>[\/et_pb_text][et_pb_button button_url=\u00bbhttps:\/\/tahecosmetics.com\/jobs\/trabajo\/ofertas\u00bb button_text=\u00bbVer ofertas de trabajo\u00bb module_class=\u00bbboton_subrayado\u00bb _builder_version=\u00bb4.16&#8243; _module_preset=\u00bbdefault\u00bb custom_button=\u00bbon\u00bb button_text_size=\u00bb18px\u00bb button_text_color=\u00bb#111111&#8243; button_border_width=\u00bb0px\u00bb button_border_radius=\u00bb0px\u00bb button_font=\u00bb||||on||||\u00bb button_icon=\u00bb&#x24;||divi||400&#8243; button_on_hover=\u00bboff\u00bb custom_padding=\u00bb0px||0px|0px|false|false\u00bb global_colors_info=\u00bb{}\u00bb button_text_color__hover_enabled=\u00bboff|hover\u00bb button_text_color__hover=\u00bb111&#8243; button_bg_color__hover_enabled=\u00bbon|hover\u00bb button_bg_color__hover=\u00bbrgba(0,0,0,0)\u00bb button_bg_enable_color__hover=\u00bbon\u00bb button_border_width__hover_enabled=\u00bboff|desktop\u00bb][\/et_pb_button][\/et_pb_column][et_pb_column type=\u00bb2_5&#8243; _builder_version=\u00bb4.16&#8243; _module_preset=\u00bbdefault\u00bb global_colors_info=\u00bb{}\u00bb][\/et_pb_column][\/et_pb_row][\/et_pb_section]\n","protected":false},"excerpt":{"rendered":"<p>Nuestros EquiposTrabajamos duro en el presente para conquistar el futuro. Nuestro objetivo es ser l\u00edderes de la cosm\u00e9tica profesional. Nuestro orgullo, el esfuerzo colectivo por hacer de este mundo un lugar m\u00e1s bello para los sentidos.ADMINISTRACI\u00d3N DE VENTAS, COMPRAS Y CONTABILIDADLos departamentos de Administraci\u00f3n, Compras y Contabilidad se encargan respectivamente de la gesti\u00f3n econ\u00f3mica, de [&hellip;]<\/p>\n","protected":false},"author":1,"featured_media":0,"parent":0,"menu_order":0,"comment_status":"closed","ping_status":"closed","template":"","meta":{"_et_pb_use_builder":"on","_et_pb_old_content":"","_et_gb_content_width":"","footnotes":""},"class_list":["post-499","page","type-page","status-publish","hentry"],"yoast_head":"<!-- This site is optimized with the Yoast SEO plugin v27.1.1 - https:\/\/yoast.com\/product\/yoast-seo-wordpress\/ -->\n<title>Departamentos y Equipos de Trabajo | Recursos Humanos | TAHE<\/title>\n<meta name=\"description\" content=\"\u00bfQuieres trabajar en Tahe? Descubre los diferentes departamentos y equipos de trabajo que forman parte de Grupo Tahe \u00a1Env\u00eda tu CV!\" \/>\n<meta name=\"robots\" content=\"noindex, follow\" \/>\n<meta property=\"og:locale\" content=\"es_ES\" \/>\n<meta property=\"og:type\" content=\"article\" \/>\n<meta property=\"og:title\" content=\"Departamentos y Equipos de Trabajo | Recursos Humanos | TAHE\" \/>\n<meta property=\"og:description\" content=\"\u00bfQuieres trabajar en Tahe? Descubre los diferentes departamentos y equipos de trabajo que forman parte de Grupo Tahe \u00a1Env\u00eda tu CV!\" \/>\n<meta property=\"og:url\" content=\"https:\/\/tahecosmetics.com\/jobs\/equipos\/\" \/>\n<meta property=\"og:site_name\" content=\"Tahe Empleo - Encuentra el trabajo de tus sue\u00f1os\" \/>\n<meta property=\"article:publisher\" content=\"https:\/\/www.facebook.com\/Tahe.Oficial\/\" \/>\n<meta property=\"article:modified_time\" content=\"2024-03-06T09:15:08+00:00\" \/>\n<meta name=\"twitter:card\" content=\"summary_large_image\" \/>\n<meta name=\"twitter:site\" content=\"@TaheOficial\" \/>\n<meta name=\"twitter:label1\" content=\"Tiempo de lectura\" \/>\n\t<meta name=\"twitter:data1\" content=\"6 minutos\" \/>\n<script type=\"application\/ld+json\" class=\"yoast-schema-graph\">{\"@context\":\"https:\/\/schema.org\",\"@graph\":[{\"@type\":\"WebPage\",\"@id\":\"https:\/\/tahecosmetics.com\/jobs\/equipos\/\",\"url\":\"https:\/\/tahecosmetics.com\/jobs\/equipos\/\",\"name\":\"Departamentos y Equipos de Trabajo | Recursos Humanos | TAHE\",\"isPartOf\":{\"@id\":\"https:\/\/tahecosmetics.com\/jobs\/#website\"},\"datePublished\":\"2020-09-26T09:27:32+00:00\",\"dateModified\":\"2024-03-06T09:15:08+00:00\",\"description\":\"\u00bfQuieres trabajar en Tahe? Descubre los diferentes departamentos y equipos de trabajo que forman parte de Grupo Tahe \u00a1Env\u00eda tu CV!\",\"breadcrumb\":{\"@id\":\"https:\/\/tahecosmetics.com\/jobs\/equipos\/#breadcrumb\"},\"inLanguage\":\"es\",\"potentialAction\":[{\"@type\":\"ReadAction\",\"target\":[\"https:\/\/tahecosmetics.com\/jobs\/equipos\/\"]}]},{\"@type\":\"BreadcrumbList\",\"@id\":\"https:\/\/tahecosmetics.com\/jobs\/equipos\/#breadcrumb\",\"itemListElement\":[{\"@type\":\"ListItem\",\"position\":1,\"name\":\"Portada\",\"item\":\"https:\/\/tahecosmetics.com\/jobs\/\"},{\"@type\":\"ListItem\",\"position\":2,\"name\":\"Equipos\"}]},{\"@type\":\"WebSite\",\"@id\":\"https:\/\/tahecosmetics.com\/jobs\/#website\",\"url\":\"https:\/\/tahecosmetics.com\/jobs\/\",\"name\":\"Tahe Empleo - Encuentra el trabajo de tus sue\u00f1os\",\"description\":\"Ofertas de trabajo en una compa\u00f1\u00eda en continua expansi\u00f3n\",\"publisher\":{\"@id\":\"https:\/\/tahecosmetics.com\/jobs\/#organization\"},\"potentialAction\":[{\"@type\":\"SearchAction\",\"target\":{\"@type\":\"EntryPoint\",\"urlTemplate\":\"https:\/\/tahecosmetics.com\/jobs\/?s={search_term_string}\"},\"query-input\":{\"@type\":\"PropertyValueSpecification\",\"valueRequired\":true,\"valueName\":\"search_term_string\"}}],\"inLanguage\":\"es\"},{\"@type\":\"Organization\",\"@id\":\"https:\/\/tahecosmetics.com\/jobs\/#organization\",\"name\":\"Tahe Productos Cosm\u00e9ticos, S.L.\",\"url\":\"https:\/\/tahecosmetics.com\/jobs\/\",\"logo\":{\"@type\":\"ImageObject\",\"inLanguage\":\"es\",\"@id\":\"https:\/\/tahecosmetics.com\/jobs\/#\/schema\/logo\/image\/\",\"url\":\"https:\/\/tahecosmetics.com\/jobs\/wp-content\/uploads\/2020\/09\/logo.png\",\"contentUrl\":\"https:\/\/tahecosmetics.com\/jobs\/wp-content\/uploads\/2020\/09\/logo.png\",\"width\":203,\"height\":32,\"caption\":\"Tahe Productos Cosm\u00e9ticos, S.L.\"},\"image\":{\"@id\":\"https:\/\/tahecosmetics.com\/jobs\/#\/schema\/logo\/image\/\"},\"sameAs\":[\"https:\/\/www.facebook.com\/Tahe.Oficial\/\",\"https:\/\/x.com\/TaheOficial\",\"http:\/\/instagram.com\/taheoficial\",\"https:\/\/www.linkedin.com\/company\/tahe-productos-cosmeticos-s-l-\/\",\"https:\/\/www.youtube.com\/user\/taheinternacional\"]}]}<\/script>\n<!-- \/ Yoast SEO plugin. -->","yoast_head_json":{"title":"Departamentos y Equipos de Trabajo | Recursos Humanos | TAHE","description":"\u00bfQuieres trabajar en Tahe? Descubre los diferentes departamentos y equipos de trabajo que forman parte de Grupo Tahe \u00a1Env\u00eda tu CV!","robots":{"index":"noindex","follow":"follow"},"og_locale":"es_ES","og_type":"article","og_title":"Departamentos y Equipos de Trabajo | Recursos Humanos | TAHE","og_description":"\u00bfQuieres trabajar en Tahe? Descubre los diferentes departamentos y equipos de trabajo que forman parte de Grupo Tahe \u00a1Env\u00eda tu CV!","og_url":"https:\/\/tahecosmetics.com\/jobs\/equipos\/","og_site_name":"Tahe Empleo - Encuentra el trabajo de tus sue\u00f1os","article_publisher":"https:\/\/www.facebook.com\/Tahe.Oficial\/","article_modified_time":"2024-03-06T09:15:08+00:00","twitter_card":"summary_large_image","twitter_site":"@TaheOficial","twitter_misc":{"Tiempo de lectura":"6 minutos"},"schema":{"@context":"https:\/\/schema.org","@graph":[{"@type":"WebPage","@id":"https:\/\/tahecosmetics.com\/jobs\/equipos\/","url":"https:\/\/tahecosmetics.com\/jobs\/equipos\/","name":"Departamentos y Equipos de Trabajo | Recursos Humanos | TAHE","isPartOf":{"@id":"https:\/\/tahecosmetics.com\/jobs\/#website"},"datePublished":"2020-09-26T09:27:32+00:00","dateModified":"2024-03-06T09:15:08+00:00","description":"\u00bfQuieres trabajar en Tahe? Descubre los diferentes departamentos y equipos de trabajo que forman parte de Grupo Tahe \u00a1Env\u00eda tu CV!","breadcrumb":{"@id":"https:\/\/tahecosmetics.com\/jobs\/equipos\/#breadcrumb"},"inLanguage":"es","potentialAction":[{"@type":"ReadAction","target":["https:\/\/tahecosmetics.com\/jobs\/equipos\/"]}]},{"@type":"BreadcrumbList","@id":"https:\/\/tahecosmetics.com\/jobs\/equipos\/#breadcrumb","itemListElement":[{"@type":"ListItem","position":1,"name":"Portada","item":"https:\/\/tahecosmetics.com\/jobs\/"},{"@type":"ListItem","position":2,"name":"Equipos"}]},{"@type":"WebSite","@id":"https:\/\/tahecosmetics.com\/jobs\/#website","url":"https:\/\/tahecosmetics.com\/jobs\/","name":"Tahe Empleo - Encuentra el trabajo de tus sue\u00f1os","description":"Ofertas de trabajo en una compa\u00f1\u00eda en continua expansi\u00f3n","publisher":{"@id":"https:\/\/tahecosmetics.com\/jobs\/#organization"},"potentialAction":[{"@type":"SearchAction","target":{"@type":"EntryPoint","urlTemplate":"https:\/\/tahecosmetics.com\/jobs\/?s={search_term_string}"},"query-input":{"@type":"PropertyValueSpecification","valueRequired":true,"valueName":"search_term_string"}}],"inLanguage":"es"},{"@type":"Organization","@id":"https:\/\/tahecosmetics.com\/jobs\/#organization","name":"Tahe Productos Cosm\u00e9ticos, S.L.","url":"https:\/\/tahecosmetics.com\/jobs\/","logo":{"@type":"ImageObject","inLanguage":"es","@id":"https:\/\/tahecosmetics.com\/jobs\/#\/schema\/logo\/image\/","url":"https:\/\/tahecosmetics.com\/jobs\/wp-content\/uploads\/2020\/09\/logo.png","contentUrl":"https:\/\/tahecosmetics.com\/jobs\/wp-content\/uploads\/2020\/09\/logo.png","width":203,"height":32,"caption":"Tahe Productos Cosm\u00e9ticos, S.L."},"image":{"@id":"https:\/\/tahecosmetics.com\/jobs\/#\/schema\/logo\/image\/"},"sameAs":["https:\/\/www.facebook.com\/Tahe.Oficial\/","https:\/\/x.com\/TaheOficial","http:\/\/instagram.com\/taheoficial","https:\/\/www.linkedin.com\/company\/tahe-productos-cosmeticos-s-l-\/","https:\/\/www.youtube.com\/user\/taheinternacional"]}]}},"_links":{"self":[{"href":"https:\/\/tahecosmetics.com\/jobs\/wp-json\/wp\/v2\/pages\/499","targetHints":{"allow":["GET"]}}],"collection":[{"href":"https:\/\/tahecosmetics.com\/jobs\/wp-json\/wp\/v2\/pages"}],"about":[{"href":"https:\/\/tahecosmetics.com\/jobs\/wp-json\/wp\/v2\/types\/page"}],"author":[{"embeddable":true,"href":"https:\/\/tahecosmetics.com\/jobs\/wp-json\/wp\/v2\/users\/1"}],"replies":[{"embeddable":true,"href":"https:\/\/tahecosmetics.com\/jobs\/wp-json\/wp\/v2\/comments?post=499"}],"version-history":[{"count":65,"href":"https:\/\/tahecosmetics.com\/jobs\/wp-json\/wp\/v2\/pages\/499\/revisions"}],"predecessor-version":[{"id":1537,"href":"https:\/\/tahecosmetics.com\/jobs\/wp-json\/wp\/v2\/pages\/499\/revisions\/1537"}],"wp:attachment":[{"href":"https:\/\/tahecosmetics.com\/jobs\/wp-json\/wp\/v2\/media?parent=499"}],"curies":[{"name":"wp","href":"https:\/\/api.w.org\/{rel}","templated":true}]}}